{"id":15094,"date":"2023-08-24T16:52:15","date_gmt":"2023-08-24T20:52:15","guid":{"rendered":"https:\/\/tgbl-onlit.tangiblelaunchpad.com\/?page_id=15094"},"modified":"2025-11-19T00:07:39","modified_gmt":"2025-11-19T05:07:39","slug":"apercu-du-continuum","status":"publish","type":"page","link":"https:\/\/tgbl-onlit.tangiblelaunchpad.com\/fr\/b2-notions-fondamentales\/apercu-du-continuum\/","title":{"rendered":"Aper\u00e7u du Continuum"},"content":{"rendered":"\t\t<div data-elementor-type=\"wp-page\" data-elementor-id=\"15094\" class=\"elementor elementor-15094 elementor-16274\" data-elementor-post-type=\"page\">\n\t\t\t\t<div class=\"elementor-element elementor-element-5149d03c e-flex e-con-boxed e-con e-parent\" data-id=\"5149d03c\" data-element_type=\"container\" data-e-type=\"container\" data-settings=\"{&quot;background_background&quot;:&quot;classic&quot;}\">\n\t\t\t\t\t<div class=\"e-con-inner\">\n\t\t\t\t<div class=\"elementor-element elementor-element-55ddcd81 elementor-widget elementor-widget-heading\" data-id=\"55ddcd81\" data-element_type=\"widget\" data-e-type=\"widget\" data-widget_type=\"heading.default\">\n\t\t\t\t<div class=\"elementor-widget-container\">\n\t\t\t\t\t<h1 class=\"elementor-heading-title elementor-size-default\">Continuum des notions fondamentales de la lecture et de l\u2019\u00e9criture<\/h1>\t\t\t\t<\/div>\n\t\t\t\t<\/div>\n\t\t\t\t<div class=\"elementor-element elementor-element-24fb4865 elementor-widget elementor-widget-heading\" data-id=\"24fb4865\" data-element_type=\"widget\" data-e-type=\"widget\" data-widget_type=\"heading.default\">\n\t\t\t\t<div class=\"elementor-widget-container\">\n\t\t\t\t\t<h2 class=\"elementor-heading-title elementor-size-default\">de la 1\u02b3\u1d49 \u00e0 la 4\u1d49 ann\u00e9e, attente B2<\/h2>\t\t\t\t<\/div>\n\t\t\t\t<\/div>\n\t\t\t\t\t<\/div>\n\t\t\t\t<\/div>\n\t\t<div class=\"elementor-element elementor-element-4ce36720 e-flex e-con-boxed e-con e-parent\" data-id=\"4ce36720\" data-element_type=\"container\" data-e-type=\"container\" data-settings=\"{&quot;background_background&quot;:&quot;classic&quot;}\">\n\t\t\t\t\t<div class=\"e-con-inner\">\n\t\t<div class=\"elementor-element elementor-element-28753969 e-con-full e-flex e-con e-child\" data-id=\"28753969\" data-element_type=\"container\" data-e-type=\"container\" data-settings=\"{&quot;background_background&quot;:&quot;classic&quot;}\">\n\t\t\t\t<div class=\"elementor-element elementor-element-e973f8 elementor-widget elementor-widget-heading\" data-id=\"e973f8\" data-element_type=\"widget\" data-e-type=\"widget\" data-widget_type=\"heading.default\">\n\t\t\t\t<div class=\"elementor-widget-container\">\n\t\t\t\t\t<h2 class=\"elementor-heading-title elementor-size-default\">Th\u00e8mes<\/h2>\t\t\t\t<\/div>\n\t\t\t\t<\/div>\n\t\t\t\t<div class=\"elementor-element elementor-element-26232856 elementor-nav-menu--dropdown-none elementor-nav-menu__align-start elementor-widget elementor-widget-nav-menu\" data-id=\"26232856\" data-element_type=\"widget\" data-e-type=\"widget\" data-settings=\"{&quot;layout&quot;:&quot;vertical&quot;,&quot;submenu_icon&quot;:{&quot;value&quot;:&quot;&lt;i class=\\&quot;fas fa-caret-down\\&quot; aria-hidden=\\&quot;true\\&quot;&gt;&lt;\\\/i&gt;&quot;,&quot;library&quot;:&quot;fa-solid&quot;}}\" data-widget_type=\"nav-menu.default\">\n\t\t\t\t<div class=\"elementor-widget-container\">\n\t\t\t\t\t\t\t\t<nav aria-label=\"Menu\" class=\"elementor-nav-menu--main elementor-nav-menu__container elementor-nav-menu--layout-vertical e--pointer-double-line e--animation-fade\">\n\t\t\t\t<ul id=\"menu-1-26232856\" class=\"elementor-nav-menu sm-vertical\"><li class=\"menu-item menu-item-type-post_type menu-item-object-page menu-item-35272\"><a href=\"https:\/\/tgbl-onlit.tangiblelaunchpad.com\/fr\/b2-notions-fondamentales\/apercu-du-continuum\/\" class=\"elementor-item\">Aper\u00e7u<\/a><\/li>\n<li class=\"menu-item menu-item-type-post_type menu-item-object-page menu-item-35264\"><a href=\"https:\/\/tgbl-onlit.tangiblelaunchpad.com\/fr\/b2-notions-fondamentales\/conscience-phonemique\/\" class=\"elementor-item\">Conscience phon\u00e9mique<\/a><\/li>\n<li class=\"menu-item menu-item-type-post_type menu-item-object-page menu-item-35265\"><a href=\"https:\/\/tgbl-onlit.tangiblelaunchpad.com\/fr\/b2-notions-fondamentales\/connaissance-des-lettres-et-des-sons\/\" class=\"elementor-item\">Connaissance des lettres<\/a><\/li>\n<li class=\"menu-item menu-item-type-post_type menu-item-object-page menu-item-35266\"><a href=\"https:\/\/tgbl-onlit.tangiblelaunchpad.com\/fr\/b2-notions-fondamentales\/phonetique-correspondances-phonemes-graphemes\/\" class=\"elementor-item\">Phon\u00e9tique : Correspondances graph\u00e8mes-phon\u00e8mes<\/a><\/li>\n<li class=\"menu-item menu-item-type-post_type menu-item-object-page menu-item-35269\"><a href=\"https:\/\/tgbl-onlit.tangiblelaunchpad.com\/fr\/b2-notions-fondamentales\/lecture-et-orthographe-au-niveau-des-mots-application-des-connaissances-des-correspondances-phonemes-graphemes\/\" class=\"elementor-item\">Connaissances des correspondances phon\u00e8mes-graph\u00e8mes<\/a><\/li>\n<li class=\"menu-item menu-item-type-post_type menu-item-object-page menu-item-35267\"><a href=\"https:\/\/tgbl-onlit.tangiblelaunchpad.com\/fr\/b2-notions-fondamentales\/lecture-et-orthographe-au-niveau-des-mots-application-des-connaissances-des-regularites-orthographiques\/\" class=\"elementor-item\">Connaissances des r\u00e9gularit\u00e9s orthographiques<\/a><\/li>\n<li class=\"menu-item menu-item-type-post_type menu-item-object-page menu-item-35268\"><a href=\"https:\/\/tgbl-onlit.tangiblelaunchpad.com\/fr\/b2-notions-fondamentales\/lecture-et-orthographe-au-niveau-des-mots-mise-en-application-de-ses-connaissances-morphologiques\/\" class=\"elementor-item\">Connaissances morphologiques<\/a><\/li>\n<li class=\"menu-item menu-item-type-post_type menu-item-object-page menu-item-35270\"><a href=\"https:\/\/tgbl-onlit.tangiblelaunchpad.com\/fr\/b2-notions-fondamentales\/vocabulaire\/\" class=\"elementor-item\">Vocabulaire<\/a><\/li>\n<li class=\"menu-item menu-item-type-post_type menu-item-object-page menu-item-35271\"><a href=\"https:\/\/tgbl-onlit.tangiblelaunchpad.com\/fr\/b2-notions-fondamentales\/fluidite-en-lecture\/\" class=\"elementor-item\">Fluidit\u00e9 en lecture<\/a><\/li>\n<\/ul>\t\t\t<\/nav>\n\t\t\t\t\t\t<nav class=\"elementor-nav-menu--dropdown elementor-nav-menu__container\" aria-hidden=\"true\">\n\t\t\t\t<ul id=\"menu-2-26232856\" class=\"elementor-nav-menu sm-vertical\"><li class=\"menu-item menu-item-type-post_type menu-item-object-page menu-item-35272\"><a href=\"https:\/\/tgbl-onlit.tangiblelaunchpad.com\/fr\/b2-notions-fondamentales\/apercu-du-continuum\/\" class=\"elementor-item\" tabindex=\"-1\">Aper\u00e7u<\/a><\/li>\n<li class=\"menu-item menu-item-type-post_type menu-item-object-page menu-item-35264\"><a href=\"https:\/\/tgbl-onlit.tangiblelaunchpad.com\/fr\/b2-notions-fondamentales\/conscience-phonemique\/\" class=\"elementor-item\" tabindex=\"-1\">Conscience phon\u00e9mique<\/a><\/li>\n<li class=\"menu-item menu-item-type-post_type menu-item-object-page menu-item-35265\"><a href=\"https:\/\/tgbl-onlit.tangiblelaunchpad.com\/fr\/b2-notions-fondamentales\/connaissance-des-lettres-et-des-sons\/\" class=\"elementor-item\" tabindex=\"-1\">Connaissance des lettres<\/a><\/li>\n<li class=\"menu-item menu-item-type-post_type menu-item-object-page menu-item-35266\"><a href=\"https:\/\/tgbl-onlit.tangiblelaunchpad.com\/fr\/b2-notions-fondamentales\/phonetique-correspondances-phonemes-graphemes\/\" class=\"elementor-item\" tabindex=\"-1\">Phon\u00e9tique : Correspondances graph\u00e8mes-phon\u00e8mes<\/a><\/li>\n<li class=\"menu-item menu-item-type-post_type menu-item-object-page menu-item-35269\"><a href=\"https:\/\/tgbl-onlit.tangiblelaunchpad.com\/fr\/b2-notions-fondamentales\/lecture-et-orthographe-au-niveau-des-mots-application-des-connaissances-des-correspondances-phonemes-graphemes\/\" class=\"elementor-item\" tabindex=\"-1\">Connaissances des correspondances phon\u00e8mes-graph\u00e8mes<\/a><\/li>\n<li class=\"menu-item menu-item-type-post_type menu-item-object-page menu-item-35267\"><a href=\"https:\/\/tgbl-onlit.tangiblelaunchpad.com\/fr\/b2-notions-fondamentales\/lecture-et-orthographe-au-niveau-des-mots-application-des-connaissances-des-regularites-orthographiques\/\" class=\"elementor-item\" tabindex=\"-1\">Connaissances des r\u00e9gularit\u00e9s orthographiques<\/a><\/li>\n<li class=\"menu-item menu-item-type-post_type menu-item-object-page menu-item-35268\"><a href=\"https:\/\/tgbl-onlit.tangiblelaunchpad.com\/fr\/b2-notions-fondamentales\/lecture-et-orthographe-au-niveau-des-mots-mise-en-application-de-ses-connaissances-morphologiques\/\" class=\"elementor-item\" tabindex=\"-1\">Connaissances morphologiques<\/a><\/li>\n<li class=\"menu-item menu-item-type-post_type menu-item-object-page menu-item-35270\"><a href=\"https:\/\/tgbl-onlit.tangiblelaunchpad.com\/fr\/b2-notions-fondamentales\/vocabulaire\/\" class=\"elementor-item\" tabindex=\"-1\">Vocabulaire<\/a><\/li>\n<li class=\"menu-item menu-item-type-post_type menu-item-object-page menu-item-35271\"><a href=\"https:\/\/tgbl-onlit.tangiblelaunchpad.com\/fr\/b2-notions-fondamentales\/fluidite-en-lecture\/\" class=\"elementor-item\" tabindex=\"-1\">Fluidit\u00e9 en lecture<\/a><\/li>\n<\/ul>\t\t\t<\/nav>\n\t\t\t\t\t\t<\/div>\n\t\t\t\t<\/div>\n\t\t\t\t<\/div>\n\t\t<div class=\"elementor-element elementor-element-6c578b50 e-con-full e-flex e-con e-child\" data-id=\"6c578b50\" data-element_type=\"container\" data-e-type=\"container\">\n\t\t\t\t<div class=\"elementor-element elementor-element-678ef32f elementor-widget elementor-widget-heading\" data-id=\"678ef32f\" data-element_type=\"widget\" data-e-type=\"widget\" data-widget_type=\"heading.default\">\n\t\t\t\t<div class=\"elementor-widget-container\">\n\t\t\t\t\t<h1 class=\"elementor-heading-title elementor-size-default\">Aper\u00e7u du Continuum<\/h1>\t\t\t\t<\/div>\n\t\t\t\t<\/div>\n\t\t\t\t<div class=\"elementor-element elementor-element-60739d21 elementor-widget elementor-widget-video\" data-id=\"60739d21\" data-element_type=\"widget\" data-e-type=\"widget\" data-settings=\"{&quot;youtube_url&quot;:&quot;https:\\\/\\\/www.youtube.com\\\/watch?v=G6Ouvyc-DqQ&quot;,&quot;video_type&quot;:&quot;youtube&quot;,&quot;controls&quot;:&quot;yes&quot;}\" data-widget_type=\"video.default\">\n\t\t\t\t<div class=\"elementor-widget-container\">\n\t\t\t\t\t\t\t<div class=\"elementor-wrapper elementor-open-inline\">\n\t\t\t<div class=\"elementor-video\"><\/div>\t\t<\/div>\n\t\t\t\t\t\t<\/div>\n\t\t\t\t<\/div>\n\t\t\t\t<div class=\"elementor-element elementor-element-7e2073b5 elementor-widget elementor-widget-text-editor\" data-id=\"7e2073b5\" data-element_type=\"widget\" data-e-type=\"widget\" data-widget_type=\"text-editor.default\">\n\t\t\t\t<div class=\"elementor-widget-container\">\n\t\t\t\t\t\t\t\t\t<p>Le Continuum des notions fondamentales de la lecture et de l\u2019\u00e9criture \u00abfournit des pr\u00e9cisions quant \u00e0 l\u2019apprentissage obligatoire. Il d\u00e9crit la progression des connaissances et des habilet\u00e9s linguistiques fondamentales pertinentes pour les \u00e9l\u00e8ves de l\u2019Ontario et s\u2019appuie sur des recherches en \u00e9ducation concernant le d\u00e9veloppement de la lecture et du langage\u00bb.<br \/><br \/>Des connaissances et des habilet\u00e9s fondamentales solides, tant \u00e0 l\u2019oral qu\u2019\u00e0 l\u2019\u00e9crit, sont n\u00e9cessaires pour soutenir des comp\u00e9tences plus complexes telles que la pens\u00e9e critique et la r\u00e9solution de probl\u00e8mes. Bien que la lecture et l\u2019\u00e9criture fondamentales ne soient pas l\u2019objectif final de l\u2019enseignement, la ma\u00eetrise de ces habilet\u00e9s de base est n\u00e9cessaire afin que les \u00e9l\u00e8ves deviennent des apprenantes et des apprenants r\u00e9fl\u00e9chis, critiques et ind\u00e9pendants qui atteignent leurs objectifs acad\u00e9miques.<br \/><br \/>Les \u00e9l\u00e8ves avancent \u00e0 travers la progression du Continuum selon leurs donn\u00e9es d\u2019\u00e9valuation et leurs r\u00e9sultats face \u00e0 l\u2019enseignement ou \u00e0 l\u2019intervention.<strong> C\u2019est tr\u00e8s clair que tous les \u00e9l\u00e8ves doivent acqu\u00e9rir ces habilet\u00e9s afin d\u2019assurer que leur droit d\u2019apprendre \u00e0 lire soit r\u00e9alis\u00e9.<\/strong> Bien que les contenus d\u2019apprentissage sp\u00e9cifiques soient indiqu\u00e9s par niveau scolaire, nous avons une responsabilit\u00e9 collective de veiller \u00e0 ce que tous les \u00e9l\u00e8ves acqui\u00e8rent des notions fondamentales solides. L\u2019enseignement et l\u2019apprentissage de ces connaissances et de ces habilet\u00e9s peuvent aussi \u00eatre n\u00e9cessaires pour plusieurs \u00e9l\u00e8ves des cycles moyen, interm\u00e9diaire et sup\u00e9rieur, afin que leur potentiel soit r\u00e9alis\u00e9.<\/p><p>Bien que le continuum pr\u00e9sente une s\u00e9rie d\u2019habilet\u00e9s fondamentales en mati\u00e8re de langue et de litt\u00e9ratie, leur enseignement doit \u00eatre <strong>int\u00e9gr\u00e9<\/strong>. Les habilet\u00e9s fondamentales en mati\u00e8re de langage et de litt\u00e9ratie sont interd\u00e9pendantes et li\u00e9es; elles doivent \u00eatre enseign\u00e9es de fa\u00e7on syst\u00e9matique tout au long de l\u2019ann\u00e9e scolaire.<\/p>\t\t\t\t\t\t\t\t<\/div>\n\t\t\t\t<\/div>\n\t\t\t\t<div class=\"elementor-element elementor-element-22722785 elementor-widget elementor-widget-spacer\" data-id=\"22722785\" data-element_type=\"widget\" data-e-type=\"widget\" data-widget_type=\"spacer.default\">\n\t\t\t\t<div class=\"elementor-widget-container\">\n\t\t\t\t\t\t\t<div class=\"elementor-spacer\">\n\t\t\t<div class=\"elementor-spacer-inner\"><\/div>\n\t\t<\/div>\n\t\t\t\t\t\t<\/div>\n\t\t\t\t<\/div>\n\t\t<div class=\"elementor-element elementor-element-4b8b745a e-con-full e-flex e-con e-child\" data-id=\"4b8b745a\" data-element_type=\"container\" data-e-type=\"container\">\n\t\t\t\t<div class=\"elementor-element elementor-element-3b61fae3 elementor-widget__width-initial elementor-widget-mobile__width-initial elementor-widget elementor-widget-image\" data-id=\"3b61fae3\" data-element_type=\"widget\" data-e-type=\"widget\" data-widget_type=\"image.default\">\n\t\t\t\t<div class=\"elementor-widget-container\">\n\t\t\t\t\t\t\t\t\t\t\t\t\t\t\t\t<a href=\"https:\/\/tgbl-onlit.tangiblelaunchpad.com\/fr\/b2-notions-fondamentales\/conscience-phonemique\/\">\n\t\t\t\t\t\t\t<img decoding=\"async\" src=\"https:\/\/tgbl-onlit.tangiblelaunchpad.com\/wp-content\/uploads\/elementor\/thumbs\/K-1-4-qj17fxyb1bo6i36yvvnjip7gfjqlhl0lbrfksojw8w.png\" title=\"K -1\" alt=\"Conscience phon\u00e9mique\" loading=\"lazy\" \/>\t\t\t\t\t\t\t\t<\/a>\n\t\t\t\t\t\t\t\t\t\t\t\t\t\t\t<\/div>\n\t\t\t\t<\/div>\n\t\t<div class=\"elementor-element elementor-element-5d09da5a e-con-full e-flex e-con e-child\" data-id=\"5d09da5a\" data-element_type=\"container\" data-e-type=\"container\">\n\t\t\t\t<div class=\"elementor-element elementor-element-43cbab63 elementor-widget elementor-widget-heading\" data-id=\"43cbab63\" data-element_type=\"widget\" data-e-type=\"widget\" data-widget_type=\"heading.default\">\n\t\t\t\t<div class=\"elementor-widget-container\">\n\t\t\t\t\t<h2 class=\"elementor-heading-title elementor-size-default\"><a href=\"https:\/\/tgbl-onlit.tangiblelaunchpad.com\/fr\/b2-notions-fondamentales\/conscience-phonemique\/\">Conscience phon\u00e9mique<\/a><\/h2>\t\t\t\t<\/div>\n\t\t\t\t<\/div>\n\t\t\t\t<div class=\"elementor-element elementor-element-199bfbe6 elementor-widget elementor-widget-heading\" data-id=\"199bfbe6\" data-element_type=\"widget\" data-e-type=\"widget\" data-widget_type=\"heading.default\">\n\t\t\t\t<div class=\"elementor-widget-container\">\n\t\t\t\t\t<h2 class=\"elementor-heading-title elementor-size-default\">Contenu d\u2019apprentissage B2.1 de la 1re ann\u00e9e<\/h2>\t\t\t\t<\/div>\n\t\t\t\t<\/div>\n\t\t\t\t<div class=\"elementor-element elementor-element-14d9fd68 elementor-widget elementor-widget-text-editor\" data-id=\"14d9fd68\" data-element_type=\"widget\" data-e-type=\"widget\" data-widget_type=\"text-editor.default\">\n\t\t\t\t<div class=\"elementor-widget-container\">\n\t\t\t\t\t\t\t\t\t<p>La conscience phon\u00e9mique est une sous-composante plus d\u00e9taill\u00e9e et pr\u00e9cise de la conscience phonologique. Il s\u2019agit de la capacit\u00e9 \u00e0 identifier la plus petite unit\u00e9 de son dans les mots parl\u00e9s, appel\u00e9e phon\u00e8me. Lorsque l\u2019\u00e9l\u00e8ve peut rep\u00e9rer, isoler, segmenter et fusionner des phon\u00e8mes individuels dans les mots, elle ou il d\u00e9veloppe et consolide sa<br \/>conscience phon\u00e9mique.<\/p>\t\t\t\t\t\t\t\t<\/div>\n\t\t\t\t<\/div>\n\t\t\t\t<\/div>\n\t\t\t\t<\/div>\n\t\t<div class=\"elementor-element elementor-element-69d111ef e-con-full e-flex e-con e-child\" data-id=\"69d111ef\" data-element_type=\"container\" data-e-type=\"container\">\n\t\t\t\t<div class=\"elementor-element elementor-element-7c7497fb elementor-widget__width-initial elementor-widget-mobile__width-initial elementor-widget elementor-widget-image\" data-id=\"7c7497fb\" data-element_type=\"widget\" data-e-type=\"widget\" data-widget_type=\"image.default\">\n\t\t\t\t<div class=\"elementor-widget-container\">\n\t\t\t\t\t\t\t\t\t\t\t\t\t\t\t\t<a href=\"https:\/\/tgbl-onlit.tangiblelaunchpad.com\/fr\/b2-notions-fondamentales\/connaissance-des-lettres-et-des-sons\/\">\n\t\t\t\t\t\t\t<img decoding=\"async\" src=\"https:\/\/tgbl-onlit.tangiblelaunchpad.com\/wp-content\/uploads\/elementor\/thumbs\/K-1-1-1-qj17fphrbtclllj999zwe9cb32wakb30alk7h6wfsw.png\" title=\"K -1 (1)\" alt=\"Principe alphab\u00e9tique Aper\u00e7u\" loading=\"lazy\" \/>\t\t\t\t\t\t\t\t<\/a>\n\t\t\t\t\t\t\t\t\t\t\t\t\t\t\t<\/div>\n\t\t\t\t<\/div>\n\t\t<div class=\"elementor-element elementor-element-3b0e567e e-con-full e-flex e-con e-child\" data-id=\"3b0e567e\" data-element_type=\"container\" data-e-type=\"container\">\n\t\t\t\t<div class=\"elementor-element elementor-element-51b8ef7f elementor-widget elementor-widget-heading\" data-id=\"51b8ef7f\" data-element_type=\"widget\" data-e-type=\"widget\" data-widget_type=\"heading.default\">\n\t\t\t\t<div class=\"elementor-widget-container\">\n\t\t\t\t\t<h2 class=\"elementor-heading-title elementor-size-default\"><a href=\"https:\/\/tgbl-onlit.tangiblelaunchpad.com\/fr\/b2-notions-fondamentales\/connaissance-des-lettres-et-des-sons\/\">Connaissance des lettres<\/a><\/h2>\t\t\t\t<\/div>\n\t\t\t\t<\/div>\n\t\t\t\t<div class=\"elementor-element elementor-element-5465e2f0 elementor-widget elementor-widget-heading\" data-id=\"5465e2f0\" data-element_type=\"widget\" data-e-type=\"widget\" data-widget_type=\"heading.default\">\n\t\t\t\t<div class=\"elementor-widget-container\">\n\t\t\t\t\t<h2 class=\"elementor-heading-title elementor-size-default\">Contenu d\u2019apprentissage B2.2 de la 1re ann\u00e9e<\/h2>\t\t\t\t<\/div>\n\t\t\t\t<\/div>\n\t\t\t\t<div class=\"elementor-element elementor-element-1a488488 elementor-widget elementor-widget-text-editor\" data-id=\"1a488488\" data-element_type=\"widget\" data-e-type=\"widget\" data-widget_type=\"text-editor.default\">\n\t\t\t\t<div class=\"elementor-widget-container\">\n\t\t\t\t\t\t\t\t\t<p>La connaissance de la forme visuelle des lettres, de leur nom, des sons qui leur correspondent (correspondances graph\u00e8mes-phon\u00e8mes) et de leur ordre dans l\u2019alphabet aide \u00e0 d\u00e9velopper le principe alphab\u00e9tique.<\/p>\t\t\t\t\t\t\t\t<\/div>\n\t\t\t\t<\/div>\n\t\t\t\t<\/div>\n\t\t\t\t<\/div>\n\t\t<div class=\"elementor-element elementor-element-e32be4f e-con-full e-flex e-con e-child\" data-id=\"e32be4f\" data-element_type=\"container\" data-e-type=\"container\">\n\t\t\t\t<div class=\"elementor-element elementor-element-2dd7e5c2 elementor-widget__width-initial elementor-widget-mobile__width-initial elementor-widget elementor-widget-image\" data-id=\"2dd7e5c2\" data-element_type=\"widget\" data-e-type=\"widget\" data-widget_type=\"image.default\">\n\t\t\t\t<div class=\"elementor-widget-container\">\n\t\t\t\t\t\t\t\t\t\t\t\t\t\t\t\t<a href=\"https:\/\/tgbl-onlit.tangiblelaunchpad.com\/fr\/b2-notions-fondamentales\/phonetique-correspondances-phonemes-graphemes\/\">\n\t\t\t\t\t\t\t<img decoding=\"async\" src=\"https:\/\/tgbl-onlit.tangiblelaunchpad.com\/wp-content\/uploads\/elementor\/thumbs\/K-1-2-1-qj17fsb9wbggkff5st7s3qmov8ie7ee7azinx0s9a8.png\" title=\"K -1 (2)\" alt=\"K -1 (2)\" loading=\"lazy\" \/>\t\t\t\t\t\t\t\t<\/a>\n\t\t\t\t\t\t\t\t\t\t\t\t\t\t\t<\/div>\n\t\t\t\t<\/div>\n\t\t<div class=\"elementor-element elementor-element-64fc5d7a e-con-full e-flex e-con e-child\" data-id=\"64fc5d7a\" data-element_type=\"container\" data-e-type=\"container\">\n\t\t\t\t<div class=\"elementor-element elementor-element-37f47c10 elementor-widget elementor-widget-heading\" data-id=\"37f47c10\" data-element_type=\"widget\" data-e-type=\"widget\" data-widget_type=\"heading.default\">\n\t\t\t\t<div class=\"elementor-widget-container\">\n\t\t\t\t\t<h2 class=\"elementor-heading-title elementor-size-default\"><a href=\"https:\/\/tgbl-onlit.tangiblelaunchpad.com\/fr\/b2-notions-fondamentales\/phonetique-correspondances-phonemes-graphemes\/\">Phon\u00e9tique : Correspondances graph\u00e8mes-phon\u00e8mes <\/a><\/h2>\t\t\t\t<\/div>\n\t\t\t\t<\/div>\n\t\t\t\t<div class=\"elementor-element elementor-element-304c66dc elementor-widget elementor-widget-heading\" data-id=\"304c66dc\" data-element_type=\"widget\" data-e-type=\"widget\" data-widget_type=\"heading.default\">\n\t\t\t\t<div class=\"elementor-widget-container\">\n\t\t\t\t\t<h2 class=\"elementor-heading-title elementor-size-default\">Contenu d\u2019apprentissage B2.3 de la 1re ann\u00e9e<\/h2>\t\t\t\t<\/div>\n\t\t\t\t<\/div>\n\t\t\t\t<div class=\"elementor-element elementor-element-66dfb70c elementor-widget elementor-widget-text-editor\" data-id=\"66dfb70c\" data-element_type=\"widget\" data-e-type=\"widget\" data-widget_type=\"text-editor.default\">\n\t\t\t\t<div class=\"elementor-widget-container\">\n\t\t\t\t\t\t\t\t\t<p>La correspondance graph\u00e8mes-phon\u00e8mes (CGP) signifie l\u2019association entre un graph\u00e8me (lettre ou groupe de lettres) et le phon\u00e8me correspondant, par exemple, lorsque l\u2019\u00e9l\u00e8ve voit la lettre &lt;d&gt; et articule le phon\u00e8me \/d\/ (comme dans le mot &lt;dent&gt;). Elle peut \u00e9galement \u00eatre appel\u00e9e correspondance lettre-son.<\/p>\t\t\t\t\t\t\t\t<\/div>\n\t\t\t\t<\/div>\n\t\t\t\t<\/div>\n\t\t\t\t<\/div>\n\t\t<div class=\"elementor-element elementor-element-7e79d505 e-con-full e-flex e-con e-child\" data-id=\"7e79d505\" data-element_type=\"container\" data-e-type=\"container\">\n\t\t\t\t<div class=\"elementor-element elementor-element-d912f60 elementor-widget__width-initial elementor-widget-mobile__width-initial elementor-widget elementor-widget-image\" data-id=\"d912f60\" data-element_type=\"widget\" data-e-type=\"widget\" data-widget_type=\"image.default\">\n\t\t\t\t<div class=\"elementor-widget-container\">\n\t\t\t\t\t\t\t\t\t\t\t\t\t\t\t\t<a href=\"https:\/\/tgbl-onlit.tangiblelaunchpad.com\/fr\/b2-notions-fondamentales\/lecture-et-orthographe-au-niveau-des-mots-application-des-connaissances-des-correspondances-phonemes-graphemes\/\">\n\t\t\t\t\t\t\t<img decoding=\"async\" src=\"https:\/\/tgbl-onlit.tangiblelaunchpad.com\/wp-content\/uploads\/elementor\/thumbs\/K-1-3-1-qj17fu6y9zj17ncfhu118q5m2094mslnz8tmvkpgxs.png\" title=\"K -1 (3)\" alt=\"Lecture et orthographe au niveau des mots Aper\u00e7u\" loading=\"lazy\" \/>\t\t\t\t\t\t\t\t<\/a>\n\t\t\t\t\t\t\t\t\t\t\t\t\t\t\t<\/div>\n\t\t\t\t<\/div>\n\t\t<div class=\"elementor-element elementor-element-9af4ead e-con-full e-flex e-con e-child\" data-id=\"9af4ead\" data-element_type=\"container\" data-e-type=\"container\">\n\t\t\t\t<div class=\"elementor-element elementor-element-8da344d elementor-widget elementor-widget-heading\" data-id=\"8da344d\" data-element_type=\"widget\" data-e-type=\"widget\" data-widget_type=\"heading.default\">\n\t\t\t\t<div class=\"elementor-widget-container\">\n\t\t\t\t\t<h2 class=\"elementor-heading-title elementor-size-default\"><a href=\"https:\/\/tgbl-onlit.tangiblelaunchpad.com\/fr\/b2-notions-fondamentales\/lecture-et-orthographe-au-niveau-des-mots-application-des-connaissances-des-correspondances-phonemes-graphemes\/\">Mise en application de ses connaissances des correspondances graph\u00e8mes-phon\u00e8mes<\/a><\/h2>\t\t\t\t<\/div>\n\t\t\t\t<\/div>\n\t\t\t\t<div class=\"elementor-element elementor-element-69b68bce elementor-widget elementor-widget-heading\" data-id=\"69b68bce\" data-element_type=\"widget\" data-e-type=\"widget\" data-widget_type=\"heading.default\">\n\t\t\t\t<div class=\"elementor-widget-container\">\n\t\t\t\t\t<h2 class=\"elementor-heading-title elementor-size-default\">Contenu d\u2019apprentissage B2.4 de la 1re ann\u00e9e, B2.1 de la 2e ann\u00e9e et de la 3e ann\u00e9e<\/h2>\t\t\t\t<\/div>\n\t\t\t\t<\/div>\n\t\t\t\t<div class=\"elementor-element elementor-element-117c5b9b elementor-widget elementor-widget-text-editor\" data-id=\"117c5b9b\" data-element_type=\"widget\" data-e-type=\"widget\" data-widget_type=\"text-editor.default\">\n\t\t\t\t<div class=\"elementor-widget-container\">\n\t\t\t\t\t\t\t\t\t<p>La correspondance graph\u00e8mes-phon\u00e8mes (CGP) signifie l\u2019association entre un graph\u00e8me (lettre ou groupe de lettres) et le phon\u00e8me correspondant. Le d\u00e9veloppement de cette habilet\u00e9 permet aux \u00e9l\u00e8ves de lire des mots, en associant les graph\u00e8mes aux phon\u00e8mes. La compr\u00e9hension de cette relation permet \u00e9galement aux \u00e9l\u00e8ves d\u2019orthographier des mots en pronon\u00e7ant les mots.<\/p>\t\t\t\t\t\t\t\t<\/div>\n\t\t\t\t<\/div>\n\t\t\t\t<\/div>\n\t\t\t\t<\/div>\n\t\t<div class=\"elementor-element elementor-element-47f1f10e e-con-full e-flex e-con e-child\" data-id=\"47f1f10e\" data-element_type=\"container\" data-e-type=\"container\">\n\t\t\t\t<div class=\"elementor-element elementor-element-7521fbe elementor-widget__width-initial elementor-widget-mobile__width-initial elementor-widget elementor-widget-image\" data-id=\"7521fbe\" data-element_type=\"widget\" data-e-type=\"widget\" data-widget_type=\"image.default\">\n\t\t\t\t<div class=\"elementor-widget-container\">\n\t\t\t\t\t\t\t\t\t\t\t\t\t\t\t\t<a href=\"https:\/\/tgbl-onlit.tangiblelaunchpad.com\/fr\/b2-notions-fondamentales\/lecture-et-orthographe-au-niveau-des-mots-application-des-connaissances-des-regularites-orthographiques\/\">\n\t\t\t\t\t\t\t<img decoding=\"async\" src=\"https:\/\/tgbl-onlit.tangiblelaunchpad.com\/wp-content\/uploads\/elementor\/thumbs\/K-1-4-1-qj17fx0guhmw6h8c1d8wy7fzu5v89vwuzms3belaf4.png\" title=\"K -1 (4)\" alt=\"Orthographe Aper\u00e7u\" loading=\"lazy\" \/>\t\t\t\t\t\t\t\t<\/a>\n\t\t\t\t\t\t\t\t\t\t\t\t\t\t\t<\/div>\n\t\t\t\t<\/div>\n\t\t<div class=\"elementor-element elementor-element-61ea921a e-con-full e-flex e-con e-child\" data-id=\"61ea921a\" data-element_type=\"container\" data-e-type=\"container\">\n\t\t\t\t<div class=\"elementor-element elementor-element-6945b568 elementor-widget elementor-widget-heading\" data-id=\"6945b568\" data-element_type=\"widget\" data-e-type=\"widget\" data-widget_type=\"heading.default\">\n\t\t\t\t<div class=\"elementor-widget-container\">\n\t\t\t\t\t<h2 class=\"elementor-heading-title elementor-size-default\"><a href=\"https:\/\/tgbl-onlit.tangiblelaunchpad.com\/fr\/b2-notions-fondamentales\/lecture-et-orthographe-au-niveau-des-mots-application-des-connaissances-des-regularites-orthographiques\/\">Mise en application de ses connaissances des r\u00e9gularit\u00e9s orthographiques <\/a><\/h2>\t\t\t\t<\/div>\n\t\t\t\t<\/div>\n\t\t\t\t<div class=\"elementor-element elementor-element-6ade17ca elementor-widget elementor-widget-heading\" data-id=\"6ade17ca\" data-element_type=\"widget\" data-e-type=\"widget\" data-widget_type=\"heading.default\">\n\t\t\t\t<div class=\"elementor-widget-container\">\n\t\t\t\t\t<h2 class=\"elementor-heading-title elementor-size-default\">Contenu d\u2019apprentissage B2.5 de la 1re ann\u00e9e, B2.2 de la 2e ann\u00e9e et de la 3e ann\u00e9e et B2.1 de la 4e ann\u00e9e<\/h2>\t\t\t\t<\/div>\n\t\t\t\t<\/div>\n\t\t\t\t<div class=\"elementor-element elementor-element-787b8341 elementor-widget elementor-widget-text-editor\" data-id=\"787b8341\" data-element_type=\"widget\" data-e-type=\"widget\" data-widget_type=\"text-editor.default\">\n\t\t\t\t<div class=\"elementor-widget-container\">\n\t\t\t\t\t\t\t\t\t<p>Les correspondances graph\u00e8mes-phon\u00e8mes peuvent varier selon le contexte orthographique, c\u2019est-\u00e0-dire selon les lettres qui pr\u00e9c\u00e8dent &lt;ll&gt; entre i et une autre voyelle; &lt;s&gt; = \/z\/ entre 2 voyelles) ou qui suivent ce graph\u00e8me (&lt;c&gt;\/&lt;g&gt; devant e, i et y; c\/g devant a, o, u). L\u2019apprentissage des r\u00e9gularit\u00e9s orthographiques contextuelles les plus fr\u00e9quentes et les plus constantes guide l\u2019\u00e9l\u00e8ve quant au choix de phon\u00e8me lorsqu\u2019elle ou il lit un mot, et quant au choix du graph\u00e8me le plus appropri\u00e9 pour repr\u00e9senter un phon\u00e8me donn\u00e9 lorsqu\u2019elle ou il orthographie un mot.<\/p>\t\t\t\t\t\t\t\t<\/div>\n\t\t\t\t<\/div>\n\t\t\t\t<\/div>\n\t\t\t\t<\/div>\n\t\t<div class=\"elementor-element elementor-element-dab7746 e-con-full e-flex e-con e-child\" data-id=\"dab7746\" data-element_type=\"container\" data-e-type=\"container\">\n\t\t\t\t<div class=\"elementor-element elementor-element-40297e8c elementor-widget__width-initial elementor-widget-mobile__width-initial elementor-widget elementor-widget-image\" data-id=\"40297e8c\" data-element_type=\"widget\" data-e-type=\"widget\" data-widget_type=\"image.default\">\n\t\t\t\t<div class=\"elementor-widget-container\">\n\t\t\t\t\t\t\t\t\t\t\t\t\t\t\t\t<a href=\"https:\/\/tgbl-onlit.tangiblelaunchpad.com\/fr\/b2-notions-fondamentales\/lecture-et-orthographe-au-niveau-des-mots-mise-en-application-de-ses-connaissances-morphologiques\/\">\n\t\t\t\t\t\t\t<img decoding=\"async\" src=\"https:\/\/tgbl-onlit.tangiblelaunchpad.com\/wp-content\/uploads\/elementor\/thumbs\/K-1-6-qj17g0rtlts1gx2vfevf86hu7pcp4obsc5e18ifpq8.png\" title=\"K -1 (6)\" alt=\"Morphologie Aper\u00e7u\" loading=\"lazy\" \/>\t\t\t\t\t\t\t\t<\/a>\n\t\t\t\t\t\t\t\t\t\t\t\t\t\t\t<\/div>\n\t\t\t\t<\/div>\n\t\t<div class=\"elementor-element elementor-element-187597fa e-con-full e-flex e-con e-child\" data-id=\"187597fa\" data-element_type=\"container\" data-e-type=\"container\">\n\t\t\t\t<div class=\"elementor-element elementor-element-4fa80c99 elementor-widget elementor-widget-heading\" data-id=\"4fa80c99\" data-element_type=\"widget\" data-e-type=\"widget\" data-widget_type=\"heading.default\">\n\t\t\t\t<div class=\"elementor-widget-container\">\n\t\t\t\t\t<h2 class=\"elementor-heading-title elementor-size-default\"><a href=\"https:\/\/tgbl-onlit.tangiblelaunchpad.com\/fr\/b2-notions-fondamentales\/lecture-et-orthographe-au-niveau-des-mots-mise-en-application-de-ses-connaissances-morphologiques\/\">Mise en application de ses connaissances morphologiques <\/a><\/h2>\t\t\t\t<\/div>\n\t\t\t\t<\/div>\n\t\t\t\t<div class=\"elementor-element elementor-element-2c4faf02 elementor-widget elementor-widget-heading\" data-id=\"2c4faf02\" data-element_type=\"widget\" data-e-type=\"widget\" data-widget_type=\"heading.default\">\n\t\t\t\t<div class=\"elementor-widget-container\">\n\t\t\t\t\t<h2 class=\"elementor-heading-title elementor-size-default\">Contenu d\u2019apprentissage B2.6 de la 1re ann\u00e9e, B2.3 de la 2e ann\u00e9e et de la 3e ann\u00e9e et B2.1 de la 4e ann\u00e9e<\/h2>\t\t\t\t<\/div>\n\t\t\t\t<\/div>\n\t\t\t\t<div class=\"elementor-element elementor-element-50c53eef elementor-widget elementor-widget-text-editor\" data-id=\"50c53eef\" data-element_type=\"widget\" data-e-type=\"widget\" data-widget_type=\"text-editor.default\">\n\t\t\t\t<div class=\"elementor-widget-container\">\n\t\t\t\t\t\t\t\t\t<p>Les connaissances morphologiques concernent les connaissances relatives aux r\u00e8gles qui r\u00e9gissent les plus petites unit\u00e9s de sens contenues dans les mots, les morph\u00e8mes. Les habilet\u00e9s morphologiques font r\u00e9f\u00e9rence \u00e0 la capacit\u00e9 \u00e0 transformer les mots pour nuancer les propos et \u00e0 analyser les morph\u00e8mes des mots pour en comprendre le sens.<\/p>\t\t\t\t\t\t\t\t<\/div>\n\t\t\t\t<\/div>\n\t\t\t\t<\/div>\n\t\t\t\t<\/div>\n\t\t<div class=\"elementor-element elementor-element-2f460205 e-con-full e-flex e-con e-child\" data-id=\"2f460205\" data-element_type=\"container\" data-e-type=\"container\">\n\t\t\t\t<div class=\"elementor-element elementor-element-febcccb elementor-widget__width-initial elementor-widget-mobile__width-initial elementor-widget elementor-widget-image\" data-id=\"febcccb\" data-element_type=\"widget\" data-e-type=\"widget\" data-widget_type=\"image.default\">\n\t\t\t\t<div class=\"elementor-widget-container\">\n\t\t\t\t\t\t\t\t\t\t\t\t\t\t\t\t<a href=\"https:\/\/tgbl-onlit.tangiblelaunchpad.com\/fr\/b2-notions-fondamentales\/vocabulaire\/\">\n\t\t\t\t\t\t\t<img decoding=\"async\" src=\"https:\/\/tgbl-onlit.tangiblelaunchpad.com\/wp-content\/uploads\/elementor\/thumbs\/K-1-7-qj17g2nhzhum45054food60reh3fk2j90ep072cxds.png\" title=\"K -1 (7)\" alt=\"Vocabulaire\" loading=\"lazy\" \/>\t\t\t\t\t\t\t\t<\/a>\n\t\t\t\t\t\t\t\t\t\t\t\t\t\t\t<\/div>\n\t\t\t\t<\/div>\n\t\t<div class=\"elementor-element elementor-element-2622f4a4 e-con-full e-flex e-con e-child\" data-id=\"2622f4a4\" data-element_type=\"container\" data-e-type=\"container\">\n\t\t\t\t<div class=\"elementor-element elementor-element-2ddded14 elementor-widget elementor-widget-heading\" data-id=\"2ddded14\" data-element_type=\"widget\" data-e-type=\"widget\" data-widget_type=\"heading.default\">\n\t\t\t\t<div class=\"elementor-widget-container\">\n\t\t\t\t\t<h2 class=\"elementor-heading-title elementor-size-default\"><a href=\"https:\/\/tgbl-onlit.tangiblelaunchpad.com\/fr\/b2-notions-fondamentales\/vocabulaire\/\">Vocabulaire<\/a><\/h2>\t\t\t\t<\/div>\n\t\t\t\t<\/div>\n\t\t\t\t<div class=\"elementor-element elementor-element-758ebdeb elementor-widget elementor-widget-heading\" data-id=\"758ebdeb\" data-element_type=\"widget\" data-e-type=\"widget\" data-widget_type=\"heading.default\">\n\t\t\t\t<div class=\"elementor-widget-container\">\n\t\t\t\t\t<h2 class=\"elementor-heading-title elementor-size-default\">Contenu d\u2019apprentissage B2.7 de la 1re ann\u00e9e, B2.4 de la 2e ann\u00e9e de la 3e ann\u00e9e et B2.2 de la 4e ann\u00e9e<\/h2>\t\t\t\t<\/div>\n\t\t\t\t<\/div>\n\t\t\t\t<div class=\"elementor-element elementor-element-560e2759 elementor-widget elementor-widget-text-editor\" data-id=\"560e2759\" data-element_type=\"widget\" data-e-type=\"widget\" data-widget_type=\"text-editor.default\">\n\t\t\t\t<div class=\"elementor-widget-container\">\n\t\t\t\t\t\t\t\t\t<p>Le d\u00e9veloppement de la connaissance du vocabulaire est le processus d\u2019acquisition de nouveaux mots et de la compr\u00e9hension de leur signification tant sur le plan r\u00e9ceptif qu\u2019expressif.<br \/><br \/>Le vocabulaire r\u00e9ceptif est constitu\u00e9 des mots que l\u2019\u00e9l\u00e8ve comprend lorsqu\u2019elle ou il les entend ou les lit et le vocabulaire expressif est constitu\u00e9 des mots que l\u2019\u00e9l\u00e8ve utilise lorsqu\u2019elle ou il parle ou \u00e9crit.<\/p>\t\t\t\t\t\t\t\t<\/div>\n\t\t\t\t<\/div>\n\t\t\t\t<\/div>\n\t\t\t\t<\/div>\n\t\t<div class=\"elementor-element elementor-element-461c3ebb e-con-full e-flex e-con e-child\" data-id=\"461c3ebb\" data-element_type=\"container\" data-e-type=\"container\">\n\t\t\t\t<div class=\"elementor-element elementor-element-265a87f0 elementor-widget__width-initial elementor-widget-mobile__width-initial elementor-widget elementor-widget-image\" data-id=\"265a87f0\" data-element_type=\"widget\" data-e-type=\"widget\" data-widget_type=\"image.default\">\n\t\t\t\t<div class=\"elementor-widget-container\">\n\t\t\t\t\t\t\t\t\t\t\t\t\t\t\t\t<a href=\"https:\/\/tgbl-onlit.tangiblelaunchpad.com\/fr\/la-fluidite-en-lecture\/\">\n\t\t\t\t\t\t\t<img decoding=\"async\" src=\"https:\/\/tgbl-onlit.tangiblelaunchpad.com\/wp-content\/uploads\/elementor\/thumbs\/K-1-8-qj17g2nhzhum45054food60reh3fk2j90ep072cxds.png\" title=\"K -1 (8)\" alt=\"Fluidit\u00e9 Aper\u00e7u\" loading=\"lazy\" \/>\t\t\t\t\t\t\t\t<\/a>\n\t\t\t\t\t\t\t\t\t\t\t\t\t\t\t<\/div>\n\t\t\t\t<\/div>\n\t\t<div class=\"elementor-element elementor-element-6508b54b e-con-full e-flex e-con e-child\" data-id=\"6508b54b\" data-element_type=\"container\" data-e-type=\"container\">\n\t\t\t\t<div class=\"elementor-element elementor-element-27e56f43 elementor-widget elementor-widget-heading\" data-id=\"27e56f43\" data-element_type=\"widget\" data-e-type=\"widget\" data-widget_type=\"heading.default\">\n\t\t\t\t<div class=\"elementor-widget-container\">\n\t\t\t\t\t<h2 class=\"elementor-heading-title elementor-size-default\"><a href=\"https:\/\/tgbl-onlit.tangiblelaunchpad.com\/fr\/b2-notions-fondamentales\/fluidite-en-lecture\/\">Fluidit\u00e9 en lecture<\/a><\/h2>\t\t\t\t<\/div>\n\t\t\t\t<\/div>\n\t\t\t\t<div class=\"elementor-element elementor-element-5c53b729 elementor-widget elementor-widget-heading\" data-id=\"5c53b729\" data-element_type=\"widget\" data-e-type=\"widget\" data-widget_type=\"heading.default\">\n\t\t\t\t<div class=\"elementor-widget-container\">\n\t\t\t\t\t<h2 class=\"elementor-heading-title elementor-size-default\">Contenu d\u2019apprentissage B2.8 de la 1re ann\u00e9e, B2.5 de la 2e ann\u00e9e et de la 3e ann\u00e9e et B2.3 de la 4e ann\u00e9e<\/h2>\t\t\t\t<\/div>\n\t\t\t\t<\/div>\n\t\t\t\t<div class=\"elementor-element elementor-element-9a3971f elementor-widget elementor-widget-text-editor\" data-id=\"9a3971f\" data-element_type=\"widget\" data-e-type=\"widget\" data-widget_type=\"text-editor.default\">\n\t\t\t\t<div class=\"elementor-widget-container\">\n\t\t\t\t\t\t\t\t\t<p>La fluidit\u00e9 en lecture signifie la prosodie avec laquelle les textes sont lus. Elle se d\u00e9finit comme la capacit\u00e9 \u00e0 lire les textes avec pr\u00e9cision raisonnable, \u00e0 un rythme naturel et avec une intonation appropri\u00e9e. \u00c0 mesure que la fluidit\u00e9 de l\u2019\u00e9l\u00e8ve devient plus naturelle, elle ou il lit avec intonation, en tenant compte de la ponctuation, ce qui lib\u00e8re des ressources cognitives et contribue \u00e0 la compr\u00e9hension du sens du texte.<\/p>\t\t\t\t\t\t\t\t<\/div>\n\t\t\t\t<\/div>\n\t\t\t\t<\/div>\n\t\t\t\t<\/div>\n\t\t<div class=\"elementor-element elementor-element-927be5f e-con-full e-flex e-con e-child\" data-id=\"927be5f\" data-element_type=\"container\" data-e-type=\"container\">\n\t\t\t\t<div class=\"elementor-element elementor-element-46df4427 elementor-align-left elementor-widget__width-initial elementor-mobile-align-center elementor-hidden-desktop elementor-hidden-tablet elementor-hidden-mobile elementor-widget elementor-widget-button\" data-id=\"46df4427\" data-element_type=\"widget\" data-e-type=\"widget\" data-widget_type=\"button.default\">\n\t\t\t\t<div class=\"elementor-widget-container\">\n\t\t\t\t\t\t\t\t\t<div class=\"elementor-button-wrapper\">\n\t\t\t\t\t<a class=\"elementor-button elementor-button-link elementor-size-sm\" href=\"https:\/\/tgbl-onlit.tangiblelaunchpad.com\/fr\/b2-notions-fondamentales\/apercu-du-continuum\/\">\n\t\t\t\t\t\t<span class=\"elementor-button-content-wrapper\">\n\t\t\t\t\t\t\t\t\t<span class=\"elementor-button-text\">&lt;&lt; Pr\u00e9c\u00e9dent<\/span>\n\t\t\t\t\t<\/span>\n\t\t\t\t\t<\/a>\n\t\t\t\t<\/div>\n\t\t\t\t\t\t\t\t<\/div>\n\t\t\t\t<\/div>\n\t\t\t\t<div class=\"elementor-element elementor-element-6e654161 elementor-align-right elementor-widget__width-initial elementor-mobile-align-center elementor-widget elementor-widget-button\" data-id=\"6e654161\" data-element_type=\"widget\" data-e-type=\"widget\" data-widget_type=\"button.default\">\n\t\t\t\t<div class=\"elementor-widget-container\">\n\t\t\t\t\t\t\t\t\t<div class=\"elementor-button-wrapper\">\n\t\t\t\t\t<a class=\"elementor-button elementor-button-link elementor-size-sm\" href=\"https:\/\/tgbl-onlit.tangiblelaunchpad.com\/fr\/b2-notions-fondamentales\/conscience-phonemique\/\">\n\t\t\t\t\t\t<span class=\"elementor-button-content-wrapper\">\n\t\t\t\t\t\t\t\t\t<span class=\"elementor-button-text\">Suivant &gt;&gt;<\/span>\n\t\t\t\t\t<\/span>\n\t\t\t\t\t<\/a>\n\t\t\t\t<\/div>\n\t\t\t\t\t\t\t\t<\/div>\n\t\t\t\t<\/div>\n\t\t\t\t<\/div>\n\t\t\t\t<\/div>\n\t\t\t\t\t<\/div>\n\t\t\t\t<\/div>\n\t\t\t\t<\/div>\n\t\t","protected":false},"excerpt":{"rendered":"<p>Continuum des notions fondamentales de la lecture et de l\u2019\u00e9criture de la 1\u02b3\u1d49 \u00e0 la 4\u1d49 ann\u00e9e, attente B2 Th\u00e8mes Aper\u00e7u du Continuum Le Continuum des notions fondamentales de la&#8230;<\/p>\n","protected":false},"author":28,"featured_media":0,"parent":40360,"menu_order":0,"comment_status":"closed","ping_status":"closed","template":"elementor_header_footer","meta":{"_acf_changed":false,"_kad_post_transparent":"default","_kad_post_title":"default","_kad_post_layout":"default","_kad_post_sidebar_id":"","_kad_post_content_style":"default","_kad_post_vertical_padding":"default","_kad_post_feature":"","_kad_post_feature_position":"","_kad_post_header":false,"_kad_post_footer":false,"_kad_post_classname":"","footnotes":""},"content-language":[509],"class_list":["post-15094","page","type-page","status-publish","hentry","content-language-francais"],"acf":[],"_links":{"self":[{"href":"https:\/\/tgbl-onlit.tangiblelaunchpad.com\/fr\/wp-json\/wp\/v2\/pages\/15094","targetHints":{"allow":["GET"]}}],"collection":[{"href":"https:\/\/tgbl-onlit.tangiblelaunchpad.com\/fr\/wp-json\/wp\/v2\/pages"}],"about":[{"href":"https:\/\/tgbl-onlit.tangiblelaunchpad.com\/fr\/wp-json\/wp\/v2\/types\/page"}],"author":[{"embeddable":true,"href":"https:\/\/tgbl-onlit.tangiblelaunchpad.com\/fr\/wp-json\/wp\/v2\/users\/28"}],"replies":[{"embeddable":true,"href":"https:\/\/tgbl-onlit.tangiblelaunchpad.com\/fr\/wp-json\/wp\/v2\/comments?post=15094"}],"version-history":[{"count":69,"href":"https:\/\/tgbl-onlit.tangiblelaunchpad.com\/fr\/wp-json\/wp\/v2\/pages\/15094\/revisions"}],"predecessor-version":[{"id":40368,"href":"https:\/\/tgbl-onlit.tangiblelaunchpad.com\/fr\/wp-json\/wp\/v2\/pages\/15094\/revisions\/40368"}],"up":[{"embeddable":true,"href":"https:\/\/tgbl-onlit.tangiblelaunchpad.com\/fr\/wp-json\/wp\/v2\/pages\/40360"}],"wp:attachment":[{"href":"https:\/\/tgbl-onlit.tangiblelaunchpad.com\/fr\/wp-json\/wp\/v2\/media?parent=15094"}],"wp:term":[{"taxonomy":"content-language","embeddable":true,"href":"https:\/\/tgbl-onlit.tangiblelaunchpad.com\/fr\/wp-json\/wp\/v2\/content-language?post=15094"}],"curies":[{"name":"wp","href":"https:\/\/api.w.org\/{rel}","templated":true}]}}